{"id":132,"date":"2019-04-10T17:48:13","date_gmt":"2019-04-10T15:48:13","guid":{"rendered":"http:\/\/preprod.econn-social.org\/?page_id=132"},"modified":"2019-05-16T17:58:32","modified_gmt":"2019-05-16T15:58:32","slug":"geschichte","status":"publish","type":"page","link":"https:\/\/www.villafreischuetz.org\/en\/geschichte\/","title":{"rendered":"Geschichte"},"content":{"rendered":"\n<h4 class=\"wp-block-heading\"><strong>Franz Fromm: Der Sammler<\/strong><\/h4>\n\n\n\n<p>1905 kam der in\nPreu\u00dfen geborene und in Barcelona lebende Weinh\u00e4ndler Franz Fromm (1854-1941) aus\ngesundheitlichen Gr\u00fcnden das erste Mal nach Meran. Seine Frau Luisa Hilliger (1865-1904)\nwar ein Jahr zuvor gestorben und so verbrachte er mit seinen vier Kindern die\nWintersaison in der Kurstadt. Es gefiel der Familie in der weltoffenen Stadt an\nder Passer so gut, dass sie Winter f\u00fcr Winter wiederkam \u2013 und schlie\u00dflich f\u00fcr\nimmer blieb. &nbsp;<\/p>\n\n\n\n<div class=\"wp-block-image\"><figure class=\"aligncenter\"><img loading=\"lazy\" decoding=\"async\" width=\"878\" height=\"1024\" src=\"https:\/\/villafreischuetz.org\/wp-content\/uploads\/2019\/04\/Villa-Freischuetz-Familie-Fromm-Barcelona-1-878x1024.jpg\" alt=\"Familie Fromm vor ihrer Villa in Barcelona (ca. 1902)\" class=\"wp-image-136\" srcset=\"https:\/\/www.villafreischuetz.org\/wp-content\/uploads\/2019\/04\/Villa-Freischuetz-Familie-Fromm-Barcelona-1-878x1024.jpg 878w, https:\/\/www.villafreischuetz.org\/wp-content\/uploads\/2019\/04\/Villa-Freischuetz-Familie-Fromm-Barcelona-1-257x300.jpg 257w, https:\/\/www.villafreischuetz.org\/wp-content\/uploads\/2019\/04\/Villa-Freischuetz-Familie-Fromm-Barcelona-1-768x896.jpg 768w, https:\/\/www.villafreischuetz.org\/wp-content\/uploads\/2019\/04\/Villa-Freischuetz-Familie-Fromm-Barcelona-1.jpg 1200w\" sizes=\"auto, (max-width: 878px) 100vw, 878px\" \/><figcaption>Familie Fromm vor ihrer Villa in Barcelona (ca. 1902)<\/figcaption><\/figure><\/div>\n\n\n\n<ul class=\"wp-block-gallery aligncenter columns-2 is-cropped wp-block-gallery-1 is-layout-flex wp-block-gallery-is-layout-flex\"><li class=\"blocks-gallery-item\"><figure><img loading=\"lazy\" decoding=\"async\" width=\"878\" height=\"1024\" src=\"https:\/\/villafreischuetz.org\/wp-content\/uploads\/2019\/04\/Villa-Freischuetz-Familie-Fromm-Kurpromenade-Meran-1-878x1024.jpg\" alt=\"Familie Fromm auf der Kurpromenade in Meran (ca. 1905)\" data-id=\"139\" data-link=\"https:\/\/villafreischuetz.org\/geschichte\/villa-freischuetz-familie-fromm-kurpromenade-meran-2\/\" class=\"wp-image-139\" srcset=\"https:\/\/www.villafreischuetz.org\/wp-content\/uploads\/2019\/04\/Villa-Freischuetz-Familie-Fromm-Kurpromenade-Meran-1-878x1024.jpg 878w, https:\/\/www.villafreischuetz.org\/wp-content\/uploads\/2019\/04\/Villa-Freischuetz-Familie-Fromm-Kurpromenade-Meran-1-257x300.jpg 257w, https:\/\/www.villafreischuetz.org\/wp-content\/uploads\/2019\/04\/Villa-Freischuetz-Familie-Fromm-Kurpromenade-Meran-1-768x896.jpg 768w, https:\/\/www.villafreischuetz.org\/wp-content\/uploads\/2019\/04\/Villa-Freischuetz-Familie-Fromm-Kurpromenade-Meran-1.jpg 1200w\" sizes=\"auto, (max-width: 878px) 100vw, 878px\" \/><figcaption>Familie Fromm auf der Kurpromenade in Meran (ca. 1905)<\/figcaption><\/figure><\/li><li class=\"blocks-gallery-item\"><figure><img decoding=\"async\" src=\"https:\/\/villafreischuetz.org\/wp-content\/uploads\/2019\/04\/Villa-Freischuetz-Paco-Zoila-Jorge-Luisa-Fromm-1-878x1024.jpg\" alt=\"Paco, Zoila, Jorge und Luisa Fromm im Schnee in Meran (ca. 1906)\" data-id=\"166\" data-link=\"https:\/\/villafreischuetz.org\/villa-freischuetz-paco-zoila-jorge-luisa-fromm-2\/\" class=\"wp-image-166\"\/><figcaption>Paco, Zoila, Jorge und Luisa Fromm im Schnee in Meran (ca. 1906)<\/figcaption><\/figure><\/li><li class=\"blocks-gallery-item\"><figure><img loading=\"lazy\" decoding=\"async\" width=\"878\" height=\"1024\" src=\"https:\/\/villafreischuetz.org\/wp-content\/uploads\/2019\/04\/Villa-Freischuetz-Luisa-Paco-Fromm-878x1024.jpg\" alt=\"Luisa und Paco Fromm auf der Veranda der Villa Hellbrunn beim Verspeisen der ber\u00fchmten Meraner Trauben (ca. 1906)\" data-id=\"157\" data-link=\"https:\/\/villafreischuetz.org\/villa-freischuetz-luisa-paco-fromm\/\" class=\"wp-image-157\" srcset=\"https:\/\/www.villafreischuetz.org\/wp-content\/uploads\/2019\/04\/Villa-Freischuetz-Luisa-Paco-Fromm-878x1024.jpg 878w, https:\/\/www.villafreischuetz.org\/wp-content\/uploads\/2019\/04\/Villa-Freischuetz-Luisa-Paco-Fromm-257x300.jpg 257w, https:\/\/www.villafreischuetz.org\/wp-content\/uploads\/2019\/04\/Villa-Freischuetz-Luisa-Paco-Fromm-768x896.jpg 768w, https:\/\/www.villafreischuetz.org\/wp-content\/uploads\/2019\/04\/Villa-Freischuetz-Luisa-Paco-Fromm.jpg 1200w\" sizes=\"auto, (max-width: 878px) 100vw, 878px\" \/><figcaption>Luisa und Paco Fromm auf der Veranda der Villa Hellbrunn beim Verspeisen der ber\u00fchmten Meraner Trauben (ca. 1906)<\/figcaption><\/figure><\/li><\/ul>\n\n\n\n<p>In den ersten siebzehn\nJahren zog Familie Fromm gemeinsam mit den Gouvernanten Paula Litzinger\n(1892-1939) und Zora Vipauc (1884-1966) und wechselnden Dienstboten von Villa zu\nVilla und Schloss zu Schloss. 1921 schlie\u00dflich kaufte Franz Fromm die im\nHeimatstil erbaute, in einem gro\u00dfen Park gelegene Villa Freisch\u00fctz in\nMeran\/Obermais. Hier fand er nicht nur f\u00fcr sich und seine Familie, sondern auch\nf\u00fcr seine liebevoll zusammengetragene Sammlung von Kunst und Kunstgewerbe ein\nbleibendes Zuhause. <\/p>\n\n\n\n<ul class=\"wp-block-gallery aligncenter columns-2 is-cropped wp-block-gallery-2 is-layout-flex wp-block-gallery-is-layout-flex\"><li class=\"blocks-gallery-item\"><figure><img loading=\"lazy\" decoding=\"async\" width=\"878\" height=\"1024\" src=\"https:\/\/villafreischuetz.org\/wp-content\/uploads\/2019\/04\/Villa-Freischuetz-Luisa-Paco-Zoila-Fromm-Paula-Litzinger-Zora-Vipauc-878x1024.jpg\" alt=\"Luisa, Paco und Zoila Fromm mit Paula Litzinger und Zora Vipauc (1924)\" data-id=\"160\" data-link=\"https:\/\/villafreischuetz.org\/villa-freischuetz-luisa-paco-zoila-fromm-paula-litzinger-zora-vipauc\/\" class=\"wp-image-160\" srcset=\"https:\/\/www.villafreischuetz.org\/wp-content\/uploads\/2019\/04\/Villa-Freischuetz-Luisa-Paco-Zoila-Fromm-Paula-Litzinger-Zora-Vipauc-878x1024.jpg 878w, https:\/\/www.villafreischuetz.org\/wp-content\/uploads\/2019\/04\/Villa-Freischuetz-Luisa-Paco-Zoila-Fromm-Paula-Litzinger-Zora-Vipauc-257x300.jpg 257w, https:\/\/www.villafreischuetz.org\/wp-content\/uploads\/2019\/04\/Villa-Freischuetz-Luisa-Paco-Zoila-Fromm-Paula-Litzinger-Zora-Vipauc-768x896.jpg 768w, https:\/\/www.villafreischuetz.org\/wp-content\/uploads\/2019\/04\/Villa-Freischuetz-Luisa-Paco-Zoila-Fromm-Paula-Litzinger-Zora-Vipauc.jpg 1200w\" sizes=\"auto, (max-width: 878px) 100vw, 878px\" \/><figcaption>Luisa, Paco und Zoila mit Paula und Zora (1924)<\/figcaption><\/figure><\/li><li class=\"blocks-gallery-item\"><figure><img loading=\"lazy\" decoding=\"async\" width=\"878\" height=\"1024\" src=\"https:\/\/villafreischuetz.org\/wp-content\/uploads\/2019\/04\/Villa-Freischuetz-Paco-878x1024.jpg\" alt=\"Paco vor der Villa Freisch\u00fctz (ca. 1930)\" data-id=\"172\" data-link=\"https:\/\/villafreischuetz.org\/villa-freischuetz-paco\/\" class=\"wp-image-172\" srcset=\"https:\/\/www.villafreischuetz.org\/wp-content\/uploads\/2019\/04\/Villa-Freischuetz-Paco-878x1024.jpg 878w, https:\/\/www.villafreischuetz.org\/wp-content\/uploads\/2019\/04\/Villa-Freischuetz-Paco-257x300.jpg 257w, https:\/\/www.villafreischuetz.org\/wp-content\/uploads\/2019\/04\/Villa-Freischuetz-Paco-768x896.jpg 768w, https:\/\/www.villafreischuetz.org\/wp-content\/uploads\/2019\/04\/Villa-Freischuetz-Paco.jpg 1200w\" sizes=\"auto, (max-width: 878px) 100vw, 878px\" \/><figcaption>Paco vor der Villa Freisch\u00fctz (ca. 1930)<\/figcaption><\/figure><\/li><\/ul>\n\n\n\n<p><br><\/p>\n\n\n\n<h4 class=\"wp-block-heading\"><strong>Rosamaria Navarini: Die Museumsgr\u00fcnderin<\/strong><\/h4>\n\n\n\n<div class=\"wp-block-image\"><figure class=\"aligncenter\"><img loading=\"lazy\" decoding=\"async\" width=\"878\" height=\"1024\" src=\"https:\/\/villafreischuetz.org\/wp-content\/uploads\/2019\/04\/Villa-Freischuetz-Franz-Fromm-Rosmaria-Navarini-878x1024.jpg\" alt=\"Franz Fromm mit Enkelin Rosamaria Navarini (ca. 1930)\" class=\"wp-image-169\" srcset=\"https:\/\/www.villafreischuetz.org\/wp-content\/uploads\/2019\/04\/Villa-Freischuetz-Franz-Fromm-Rosmaria-Navarini-878x1024.jpg 878w, https:\/\/www.villafreischuetz.org\/wp-content\/uploads\/2019\/04\/Villa-Freischuetz-Franz-Fromm-Rosmaria-Navarini-257x300.jpg 257w, https:\/\/www.villafreischuetz.org\/wp-content\/uploads\/2019\/04\/Villa-Freischuetz-Franz-Fromm-Rosmaria-Navarini-768x896.jpg 768w, https:\/\/www.villafreischuetz.org\/wp-content\/uploads\/2019\/04\/Villa-Freischuetz-Franz-Fromm-Rosmaria-Navarini.jpg 1200w\" sizes=\"auto, (max-width: 878px) 100vw, 878px\" \/><figcaption>Franz Fromm mit Enkelin Rosamaria Navarini (ca. 1930)<\/figcaption><\/figure><\/div>\n\n\n\n<p>Der Enkelin von Franz Fromm, Rosamaria Navarini (1926-2013), ist es zu verdanken, dass die Sammlung bewahrt wurde. Fast ihr ganzes Leben lang wohnte sie selber in der Villa Freisch\u00fctz. Sie verf\u00fcgte in ihrem Testament, die Sch\u00e4tze ihres Gro\u00dfvaters sollten in einem Museum in der Villa Freisch\u00fctz der \u00d6ffentlichkeit zug\u00e4nglich gemacht werden. Zu diesem Zweck gr\u00fcndete sie die Stiftung Navarini-Ugarte. Seit 2013 arbeitet der <strong>Stiftungsrat<\/strong> daran, Rosamaria Navarinis Wunsch zu verwirklichen. <br><\/p>\n\n\n\n<figure class=\"wp-block-pullquote is-style-solid-color\" style=\"background-color:#687950\"><blockquote class=\"has-text-color has-very-light-gray-color\"><p>Im April 2019 war es endlich so weit: das Hausmuseum \u201eVilla Freisch\u00fctz\u201c \u00f6ffnete seine T\u00fcren!<\/p><\/blockquote><\/figure>\n\n\n\n<p><br><\/p>\n\n\n\n<p><\/p>\n\n\n\n<p><br><\/p>\n","protected":false},"excerpt":{"rendered":"<p>Franz Fromm: Der Sammler 1905 kam der in Preu\u00dfen geborene und in Barcelona lebende Weinh\u00e4ndler Franz Fromm (1854-1941) aus gesundheitlichen Gr\u00fcnden das erste Mal nach Meran. Seine Frau Luisa Hilliger (1865-1904) war ein Jahr zuvor gestorben und so verbrachte er mit seinen vier Kindern die Wintersaison in der Kurstadt. Es gefiel der Familie in der [&hellip;]<\/p>\n","protected":false},"author":3,"featured_media":0,"parent":0,"menu_order":0,"comment_status":"closed","ping_status":"closed","template":"","meta":{"footnotes":""},"class_list":["post-132","page","type-page","status-publish","hentry"],"yoast_head":"<!-- This site is optimized with the Yoast SEO plugin v27.5 - https:\/\/yoast.com\/product\/yoast-seo-wordpress\/ -->\n<title>Geschichte - Villa Freisch\u00fctz<\/title>\n<meta name=\"robots\" content=\"index, follow, max-snippet:-1, max-image-preview:large, max-video-preview:-1\" \/>\n<link rel=\"canonical\" href=\"https:\/\/www.villafreischuetz.org\/en\/geschichte\/\" \/>\n<meta name=\"twitter:label1\" content=\"Est. reading time\" \/>\n\t<meta name=\"twitter:data1\" content=\"2 minutes\" \/>\n<script type=\"application\/ld+json\" class=\"yoast-schema-graph\">{\"@context\":\"https:\\\/\\\/schema.org\",\"@graph\":[{\"@type\":\"WebPage\",\"@id\":\"https:\\\/\\\/www.villafreischuetz.org\\\/geschichte\\\/\",\"url\":\"https:\\\/\\\/www.villafreischuetz.org\\\/geschichte\\\/\",\"name\":\"Geschichte - Villa Freisch\u00fctz\",\"isPartOf\":{\"@id\":\"https:\\\/\\\/www.villafreischuetz.org\\\/#website\"},\"primaryImageOfPage\":{\"@id\":\"https:\\\/\\\/www.villafreischuetz.org\\\/geschichte\\\/#primaryimage\"},\"image\":{\"@id\":\"https:\\\/\\\/www.villafreischuetz.org\\\/geschichte\\\/#primaryimage\"},\"thumbnailUrl\":\"https:\\\/\\\/villafreischuetz.org\\\/wp-content\\\/uploads\\\/2019\\\/04\\\/Villa-Freischuetz-Familie-Fromm-Barcelona-1-878x1024.jpg\",\"datePublished\":\"2019-04-10T15:48:13+00:00\",\"dateModified\":\"2019-05-16T15:58:32+00:00\",\"breadcrumb\":{\"@id\":\"https:\\\/\\\/www.villafreischuetz.org\\\/geschichte\\\/#breadcrumb\"},\"inLanguage\":\"en-US\",\"potentialAction\":[{\"@type\":\"ReadAction\",\"target\":[\"https:\\\/\\\/www.villafreischuetz.org\\\/geschichte\\\/\"]}]},{\"@type\":\"ImageObject\",\"inLanguage\":\"en-US\",\"@id\":\"https:\\\/\\\/www.villafreischuetz.org\\\/geschichte\\\/#primaryimage\",\"url\":\"https:\\\/\\\/villafreischuetz.org\\\/wp-content\\\/uploads\\\/2019\\\/04\\\/Villa-Freischuetz-Familie-Fromm-Barcelona-1-878x1024.jpg\",\"contentUrl\":\"https:\\\/\\\/villafreischuetz.org\\\/wp-content\\\/uploads\\\/2019\\\/04\\\/Villa-Freischuetz-Familie-Fromm-Barcelona-1-878x1024.jpg\"},{\"@type\":\"BreadcrumbList\",\"@id\":\"https:\\\/\\\/www.villafreischuetz.org\\\/geschichte\\\/#breadcrumb\",\"itemListElement\":[{\"@type\":\"ListItem\",\"position\":1,\"name\":\"Startseite\",\"item\":\"https:\\\/\\\/www.villafreischuetz.org\\\/\"},{\"@type\":\"ListItem\",\"position\":2,\"name\":\"Geschichte\"}]},{\"@type\":\"WebSite\",\"@id\":\"https:\\\/\\\/www.villafreischuetz.org\\\/#website\",\"url\":\"https:\\\/\\\/www.villafreischuetz.org\\\/\",\"name\":\"Villa Freisch\u00fctz\",\"description\":\"Hausmuseum\",\"potentialAction\":[{\"@type\":\"SearchAction\",\"target\":{\"@type\":\"EntryPoint\",\"urlTemplate\":\"https:\\\/\\\/www.villafreischuetz.org\\\/?s={search_term_string}\"},\"query-input\":{\"@type\":\"PropertyValueSpecification\",\"valueRequired\":true,\"valueName\":\"search_term_string\"}}],\"inLanguage\":\"en-US\"}]}<\/script>\n<!-- \/ Yoast SEO plugin. -->","yoast_head_json":{"title":"Geschichte - Villa Freisch\u00fctz","robots":{"index":"index","follow":"follow","max-snippet":"max-snippet:-1","max-image-preview":"max-image-preview:large","max-video-preview":"max-video-preview:-1"},"canonical":"https:\/\/www.villafreischuetz.org\/en\/geschichte\/","twitter_misc":{"Est. reading time":"2 minutes"},"schema":{"@context":"https:\/\/schema.org","@graph":[{"@type":"WebPage","@id":"https:\/\/www.villafreischuetz.org\/geschichte\/","url":"https:\/\/www.villafreischuetz.org\/geschichte\/","name":"Geschichte - Villa Freisch\u00fctz","isPartOf":{"@id":"https:\/\/www.villafreischuetz.org\/#website"},"primaryImageOfPage":{"@id":"https:\/\/www.villafreischuetz.org\/geschichte\/#primaryimage"},"image":{"@id":"https:\/\/www.villafreischuetz.org\/geschichte\/#primaryimage"},"thumbnailUrl":"https:\/\/villafreischuetz.org\/wp-content\/uploads\/2019\/04\/Villa-Freischuetz-Familie-Fromm-Barcelona-1-878x1024.jpg","datePublished":"2019-04-10T15:48:13+00:00","dateModified":"2019-05-16T15:58:32+00:00","breadcrumb":{"@id":"https:\/\/www.villafreischuetz.org\/geschichte\/#breadcrumb"},"inLanguage":"en-US","potentialAction":[{"@type":"ReadAction","target":["https:\/\/www.villafreischuetz.org\/geschichte\/"]}]},{"@type":"ImageObject","inLanguage":"en-US","@id":"https:\/\/www.villafreischuetz.org\/geschichte\/#primaryimage","url":"https:\/\/villafreischuetz.org\/wp-content\/uploads\/2019\/04\/Villa-Freischuetz-Familie-Fromm-Barcelona-1-878x1024.jpg","contentUrl":"https:\/\/villafreischuetz.org\/wp-content\/uploads\/2019\/04\/Villa-Freischuetz-Familie-Fromm-Barcelona-1-878x1024.jpg"},{"@type":"BreadcrumbList","@id":"https:\/\/www.villafreischuetz.org\/geschichte\/#breadcrumb","itemListElement":[{"@type":"ListItem","position":1,"name":"Startseite","item":"https:\/\/www.villafreischuetz.org\/"},{"@type":"ListItem","position":2,"name":"Geschichte"}]},{"@type":"WebSite","@id":"https:\/\/www.villafreischuetz.org\/#website","url":"https:\/\/www.villafreischuetz.org\/","name":"Villa Freisch\u00fctz","description":"Hausmuseum","potentialAction":[{"@type":"SearchAction","target":{"@type":"EntryPoint","urlTemplate":"https:\/\/www.villafreischuetz.org\/?s={search_term_string}"},"query-input":{"@type":"PropertyValueSpecification","valueRequired":true,"valueName":"search_term_string"}}],"inLanguage":"en-US"}]}},"_links":{"self":[{"href":"https:\/\/www.villafreischuetz.org\/en\/wp-json\/wp\/v2\/pages\/132","targetHints":{"allow":["GET"]}}],"collection":[{"href":"https:\/\/www.villafreischuetz.org\/en\/wp-json\/wp\/v2\/pages"}],"about":[{"href":"https:\/\/www.villafreischuetz.org\/en\/wp-json\/wp\/v2\/types\/page"}],"author":[{"embeddable":true,"href":"https:\/\/www.villafreischuetz.org\/en\/wp-json\/wp\/v2\/users\/3"}],"replies":[{"embeddable":true,"href":"https:\/\/www.villafreischuetz.org\/en\/wp-json\/wp\/v2\/comments?post=132"}],"version-history":[{"count":9,"href":"https:\/\/www.villafreischuetz.org\/en\/wp-json\/wp\/v2\/pages\/132\/revisions"}],"predecessor-version":[{"id":1152,"href":"https:\/\/www.villafreischuetz.org\/en\/wp-json\/wp\/v2\/pages\/132\/revisions\/1152"}],"wp:attachment":[{"href":"https:\/\/www.villafreischuetz.org\/en\/wp-json\/wp\/v2\/media?parent=132"}],"curies":[{"name":"wp","href":"https:\/\/api.w.org\/{rel}","templated":true}]}}